{"id":15852,"date":"2026-08-26T10:53:00","date_gmt":"2026-08-26T07:53:00","guid":{"rendered":"https:\/\/norvita.eu\/?post_type=teaduslikult-toestat&#038;p=15852"},"modified":"2026-08-26T10:53:00","modified_gmt":"2026-08-26T07:53:00","slug":"relg-meelerahu-madal-gaba-tase-ajus-on-seotud-depressiooni-ja-meeleoluhairetega","status":"publish","type":"teaduslikult-toestat","link":"https:\/\/norvita.eu\/de\/teaduslikult-toestat\/relg-meelerahu-madal-gaba-tase-ajus-on-seotud-depressiooni-ja-meeleoluhairetega\/","title":{"rendered":"RELG, MEELERAHU &#8211; Madal GABA tase ajus on seotud depressiooni ja meeleoluh\u00e4iretega"},"content":{"rendered":"<p>GABA on neuroretseptor, mis v\u00e4hendab n\u00e4rvirakkude v\u00f5imet saata ja vastu v\u00f5tta keemilisi s\u00f5numeid kogu keskn\u00e4rvis\u00fcsteemis. Teisis\u00f5nu, GABA rahustab teie n\u00e4rvis\u00fcsteemi, aidates teil muutuda mitte liigselt \u00e4revaks. Madal GABA tase v\u00f5ib aga depressiooni s\u00fcvendada.<\/p>\n","protected":false},"featured_media":0,"parent":0,"template":"","meta":{"_acf_changed":false,"inline_featured_image":false},"class_list":["post-15852","teaduslikult-toestat","type-teaduslikult-toestat","status-publish","hentry"],"acf":[],"yoast_head":"<!-- This site is optimized with the Yoast SEO plugin v28.3 - https:\/\/yoast.com\/product\/yoast-seo-wordpress\/ -->\n<title>RELG, MEELERAHU - Madal GABA tase ajus on seotud depressiooni ja meeleoluh\u00e4iretega | Norvita sprei- ja geelvitamiinid<\/title>\n<meta name=\"robots\" content=\"index, follow, max-snippet:-1, max-image-preview:large, max-video-preview:-1\" \/>\n<link rel=\"canonical\" href=\"https:\/\/norvita.eu\/de\/teaduslikult-toestat\/relg-meelerahu-madal-gaba-tase-ajus-on-seotud-depressiooni-ja-meeleoluhairetega\/\" \/>\n<meta property=\"og:locale\" content=\"de_DE\" \/>\n<meta property=\"og:type\" content=\"article\" \/>\n<meta property=\"og:title\" content=\"RELG, MEELERAHU - Madal GABA tase ajus on seotud depressiooni ja meeleoluh\u00e4iretega | Norvita sprei- ja geelvitamiinid\" \/>\n<meta property=\"og:description\" content=\"GABA on neuroretseptor, mis v\u00e4hendab n\u00e4rvirakkude v\u00f5imet saata ja vastu v\u00f5tta keemilisi s\u00f5numeid kogu keskn\u00e4rvis\u00fcsteemis. Teisis\u00f5nu, GABA rahustab teie n\u00e4rvis\u00fcsteemi, aidates teil muutuda mitte liigselt \u00e4revaks. Madal GABA tase v\u00f5ib aga depressiooni s\u00fcvendada.\" \/>\n<meta property=\"og:url\" content=\"https:\/\/norvita.eu\/de\/teaduslikult-toestat\/relg-meelerahu-madal-gaba-tase-ajus-on-seotud-depressiooni-ja-meeleoluhairetega\/\" \/>\n<meta property=\"og:site_name\" content=\"Norvita sprei- ja geelvitamiinid\" \/>\n<meta property=\"article:publisher\" content=\"https:\/\/www.facebook.com\/norvitasupplements\" \/>\n<meta property=\"og:image\" content=\"https:\/\/norvita.eu\/wp-content\/uploads\/2022\/10\/NorVita-og-min.jpg\" \/>\n\t<meta property=\"og:image:width\" content=\"1247\" \/>\n\t<meta property=\"og:image:height\" content=\"661\" \/>\n\t<meta property=\"og:image:type\" content=\"image\/jpeg\" \/>\n<meta name=\"twitter:card\" content=\"summary_large_image\" \/>\n<script type=\"application\/ld+json\" class=\"yoast-schema-graph\">{\"@context\":\"https:\\\/\\\/schema.org\",\"@graph\":[{\"@type\":\"WebPage\",\"@id\":\"https:\\\/\\\/norvita.eu\\\/de\\\/teaduslikult-toestat\\\/relg-meelerahu-madal-gaba-tase-ajus-on-seotud-depressiooni-ja-meeleoluhairetega\\\/\",\"url\":\"https:\\\/\\\/norvita.eu\\\/de\\\/teaduslikult-toestat\\\/relg-meelerahu-madal-gaba-tase-ajus-on-seotud-depressiooni-ja-meeleoluhairetega\\\/\",\"name\":\"RELG, MEELERAHU - Madal GABA tase ajus on seotud depressiooni ja meeleoluh\u00e4iretega | Norvita sprei- ja geelvitamiinid\",\"isPartOf\":{\"@id\":\"https:\\\/\\\/norvita.eu\\\/de\\\/#website\"},\"datePublished\":\"2026-08-26T07:53:00+00:00\",\"breadcrumb\":{\"@id\":\"https:\\\/\\\/norvita.eu\\\/de\\\/teaduslikult-toestat\\\/relg-meelerahu-madal-gaba-tase-ajus-on-seotud-depressiooni-ja-meeleoluhairetega\\\/#breadcrumb\"},\"inLanguage\":\"de\",\"potentialAction\":[{\"@type\":\"ReadAction\",\"target\":[\"https:\\\/\\\/norvita.eu\\\/de\\\/teaduslikult-toestat\\\/relg-meelerahu-madal-gaba-tase-ajus-on-seotud-depressiooni-ja-meeleoluhairetega\\\/\"]}]},{\"@type\":\"BreadcrumbList\",\"@id\":\"https:\\\/\\\/norvita.eu\\\/de\\\/teaduslikult-toestat\\\/relg-meelerahu-madal-gaba-tase-ajus-on-seotud-depressiooni-ja-meeleoluhairetega\\\/#breadcrumb\",\"itemListElement\":[{\"@type\":\"ListItem\",\"position\":1,\"name\":\"Home\",\"item\":\"https:\\\/\\\/norvita.eu\\\/de\\\/\"},{\"@type\":\"ListItem\",\"position\":2,\"name\":\"RELG, MEELERAHU &#8211; Madal GABA tase ajus on seotud depressiooni ja meeleoluh\u00e4iretega\"}]},{\"@type\":\"WebSite\",\"@id\":\"https:\\\/\\\/norvita.eu\\\/de\\\/#website\",\"url\":\"https:\\\/\\\/norvita.eu\\\/de\\\/\",\"name\":\"Norvita sprei- ja geelvitamiinid\",\"description\":\"Sprei vitamiinid ja toidulisandid\",\"publisher\":{\"@id\":\"https:\\\/\\\/norvita.eu\\\/de\\\/#organization\"},\"potentialAction\":[{\"@type\":\"SearchAction\",\"target\":{\"@type\":\"EntryPoint\",\"urlTemplate\":\"https:\\\/\\\/norvita.eu\\\/de\\\/?s={search_term_string}\"},\"query-input\":{\"@type\":\"PropertyValueSpecification\",\"valueRequired\":true,\"valueName\":\"search_term_string\"}}],\"inLanguage\":\"de\"},{\"@type\":\"Organization\",\"@id\":\"https:\\\/\\\/norvita.eu\\\/de\\\/#organization\",\"name\":\"NorVita\",\"url\":\"https:\\\/\\\/norvita.eu\\\/de\\\/\",\"logo\":{\"@type\":\"ImageObject\",\"inLanguage\":\"de\",\"@id\":\"https:\\\/\\\/norvita.eu\\\/de\\\/#\\\/schema\\\/logo\\\/image\\\/\",\"url\":\"https:\\\/\\\/norvita.eu\\\/wp-content\\\/uploads\\\/2022\\\/07\\\/NorVita.svg\",\"contentUrl\":\"https:\\\/\\\/norvita.eu\\\/wp-content\\\/uploads\\\/2022\\\/07\\\/NorVita.svg\",\"width\":96,\"height\":26,\"caption\":\"NorVita\"},\"image\":{\"@id\":\"https:\\\/\\\/norvita.eu\\\/de\\\/#\\\/schema\\\/logo\\\/image\\\/\"},\"sameAs\":[\"https:\\\/\\\/www.facebook.com\\\/norvitasupplements\",\"https:\\\/\\\/www.instagram.com\\\/norvita_supplements\\\/\"]}]}<\/script>\n<!-- \/ Yoast SEO plugin. -->","yoast_head_json":{"title":"RELG, MEELERAHU - Madal GABA tase ajus on seotud depressiooni ja meeleoluh\u00e4iretega | Norvita sprei- ja geelvitamiinid","robots":{"index":"index","follow":"follow","max-snippet":"max-snippet:-1","max-image-preview":"max-image-preview:large","max-video-preview":"max-video-preview:-1"},"canonical":"https:\/\/norvita.eu\/de\/teaduslikult-toestat\/relg-meelerahu-madal-gaba-tase-ajus-on-seotud-depressiooni-ja-meeleoluhairetega\/","og_locale":"de_DE","og_type":"article","og_title":"RELG, MEELERAHU - Madal GABA tase ajus on seotud depressiooni ja meeleoluh\u00e4iretega | Norvita sprei- ja geelvitamiinid","og_description":"GABA on neuroretseptor, mis v\u00e4hendab n\u00e4rvirakkude v\u00f5imet saata ja vastu v\u00f5tta keemilisi s\u00f5numeid kogu keskn\u00e4rvis\u00fcsteemis. Teisis\u00f5nu, GABA rahustab teie n\u00e4rvis\u00fcsteemi, aidates teil muutuda mitte liigselt \u00e4revaks. Madal GABA tase v\u00f5ib aga depressiooni s\u00fcvendada.","og_url":"https:\/\/norvita.eu\/de\/teaduslikult-toestat\/relg-meelerahu-madal-gaba-tase-ajus-on-seotud-depressiooni-ja-meeleoluhairetega\/","og_site_name":"Norvita sprei- ja geelvitamiinid","article_publisher":"https:\/\/www.facebook.com\/norvitasupplements","og_image":[{"width":1247,"height":661,"url":"https:\/\/norvita.eu\/wp-content\/uploads\/2022\/10\/NorVita-og-min.jpg","type":"image\/jpeg"}],"twitter_card":"summary_large_image","schema":{"@context":"https:\/\/schema.org","@graph":[{"@type":"WebPage","@id":"https:\/\/norvita.eu\/de\/teaduslikult-toestat\/relg-meelerahu-madal-gaba-tase-ajus-on-seotud-depressiooni-ja-meeleoluhairetega\/","url":"https:\/\/norvita.eu\/de\/teaduslikult-toestat\/relg-meelerahu-madal-gaba-tase-ajus-on-seotud-depressiooni-ja-meeleoluhairetega\/","name":"RELG, MEELERAHU - Madal GABA tase ajus on seotud depressiooni ja meeleoluh\u00e4iretega | Norvita sprei- ja geelvitamiinid","isPartOf":{"@id":"https:\/\/norvita.eu\/de\/#website"},"datePublished":"2026-08-26T07:53:00+00:00","breadcrumb":{"@id":"https:\/\/norvita.eu\/de\/teaduslikult-toestat\/relg-meelerahu-madal-gaba-tase-ajus-on-seotud-depressiooni-ja-meeleoluhairetega\/#breadcrumb"},"inLanguage":"de","potentialAction":[{"@type":"ReadAction","target":["https:\/\/norvita.eu\/de\/teaduslikult-toestat\/relg-meelerahu-madal-gaba-tase-ajus-on-seotud-depressiooni-ja-meeleoluhairetega\/"]}]},{"@type":"BreadcrumbList","@id":"https:\/\/norvita.eu\/de\/teaduslikult-toestat\/relg-meelerahu-madal-gaba-tase-ajus-on-seotud-depressiooni-ja-meeleoluhairetega\/#breadcrumb","itemListElement":[{"@type":"ListItem","position":1,"name":"Home","item":"https:\/\/norvita.eu\/de\/"},{"@type":"ListItem","position":2,"name":"RELG, MEELERAHU &#8211; Madal GABA tase ajus on seotud depressiooni ja meeleoluh\u00e4iretega"}]},{"@type":"WebSite","@id":"https:\/\/norvita.eu\/de\/#website","url":"https:\/\/norvita.eu\/de\/","name":"Norvita sprei- ja geelvitamiinid","description":"Sprei vitamiinid ja toidulisandid","publisher":{"@id":"https:\/\/norvita.eu\/de\/#organization"},"potentialAction":[{"@type":"SearchAction","target":{"@type":"EntryPoint","urlTemplate":"https:\/\/norvita.eu\/de\/?s={search_term_string}"},"query-input":{"@type":"PropertyValueSpecification","valueRequired":true,"valueName":"search_term_string"}}],"inLanguage":"de"},{"@type":"Organization","@id":"https:\/\/norvita.eu\/de\/#organization","name":"NorVita","url":"https:\/\/norvita.eu\/de\/","logo":{"@type":"ImageObject","inLanguage":"de","@id":"https:\/\/norvita.eu\/de\/#\/schema\/logo\/image\/","url":"https:\/\/norvita.eu\/wp-content\/uploads\/2022\/07\/NorVita.svg","contentUrl":"https:\/\/norvita.eu\/wp-content\/uploads\/2022\/07\/NorVita.svg","width":96,"height":26,"caption":"NorVita"},"image":{"@id":"https:\/\/norvita.eu\/de\/#\/schema\/logo\/image\/"},"sameAs":["https:\/\/www.facebook.com\/norvitasupplements","https:\/\/www.instagram.com\/norvita_supplements\/"]}]}},"_links":{"self":[{"href":"https:\/\/norvita.eu\/de\/wp-json\/wp\/v2\/teaduslikult-toestat\/15852","targetHints":{"allow":["GET"]}}],"collection":[{"href":"https:\/\/norvita.eu\/de\/wp-json\/wp\/v2\/teaduslikult-toestat"}],"about":[{"href":"https:\/\/norvita.eu\/de\/wp-json\/wp\/v2\/types\/teaduslikult-toestat"}],"wp:attachment":[{"href":"https:\/\/norvita.eu\/de\/wp-json\/wp\/v2\/media?parent=15852"}],"curies":[{"name":"wp","href":"https:\/\/api.w.org\/{rel}","templated":true}]}}